{"id":12391,"date":"2016-08-26T12:01:02","date_gmt":"2016-08-26T10:01:02","guid":{"rendered":"https:\/\/amyna.de\/wp\/?page_id=75"},"modified":"2016-08-26T12:01:02","modified_gmt":"2016-08-26T10:01:02","slug":"bestellung-buecher","status":"publish","type":"page","link":"https:\/\/amyna.de\/wp\/buchenbestellen\/bestellung-buecher\/","title":{"rendered":"B\u00fccher bestellen"},"content":{"rendered":"<p>Sie erhalten eine Rechnung mit der Buchlieferung. Bestellungen aus dem Ausland sind nur gegen Vorauskasse m\u00f6glich. Bei Auslandsbestellungen k\u00f6nnen erh\u00f6hte Porto- und \u00dcberweisungsgeb\u00fchren anfallen. Bitte beachten Sie dies bei der \u00dcberweisung des Betrags.<\/p>\n\n<div class=\"wpcf7 no-js\" id=\"wpcf7-f8411-o1\" lang=\"de-DE\" dir=\"ltr\" data-wpcf7-id=\"8411\">\n<div class=\"screen-reader-response\"><p role=\"status\" aria-live=\"polite\" aria-atomic=\"true\"><\/p> <ul><\/ul><\/div>\n<form action=\"\/wp\/wp-json\/wp\/v2\/pages\/12391#wpcf7-f8411-o1\" method=\"post\" class=\"wpcf7-form init wpcf7-acceptance-as-validation\" aria-label=\"Kontaktformular\" novalidate=\"novalidate\" data-status=\"init\">\n<fieldset class=\"hidden-fields-container\"><input type=\"hidden\" name=\"_wpcf7\" value=\"8411\" \/><input type=\"hidden\" name=\"_wpcf7_version\" value=\"6.1.5\" \/><input type=\"hidden\" name=\"_wpcf7_locale\" value=\"de_DE\" \/><input type=\"hidden\" name=\"_wpcf7_unit_tag\" value=\"wpcf7-f8411-o1\" \/><input type=\"hidden\" name=\"_wpcf7_container_post\" value=\"0\" \/><input type=\"hidden\" name=\"_wpcf7_posted_data_hash\" value=\"\" \/>\n<\/fieldset>\n<p><strong>Wichtig - bevor Sie bestellen:<\/strong> Eine Bestellung auf unserer Homepage ist nur m\u00f6glich, wenn Sie alle Cookies akzeptieren. Klicken Sie dazu unten auf der Seite auf \"Privatsph\u00e4re-Einstellungen \u00e4ndern\" und dann auf \"Alle akzeptieren\".\n<\/p>\n<div class=\"wpcf7-response-output\" aria-hidden=\"true\"><\/div>\n<hr \/>\n<p><span class=\"buchtitel\"><img loading=\"lazy\" decoding=\"async\" class=\"buchbild\" src=\"https:\/\/amyna.de\/wp\/wp-content\/uploads\/Kinderrecht_1Karte_190315-1-80x80.jpg\" width=\"107\" height=\"107\" alt=\"Bild Plakat Kinderrechte\" \/>Rechte von Kindern achten! 10 Plakate zu den wichtigsten Kinderrechten plus Deckblatt (2021)<\/span>\n<\/p>\n<p>Preis: <span class=\"buchpreis\">8,00 \u20ac zzgl. Versandkosten<\/span>\n<\/p>\n<p><label for=\"kinderrechteplakate\" class=\"anzahl\">Anzahl:<\/label><span class=\"wpcf7-form-control-wrap\" data-name=\"kinderrechteplakate\"><input class=\"wpcf7-form-control wpcf7-number wpcf7-validates-as-number cf7number\" id=\"kinderrechteplakate\" min=\"0\" max=\"99\" aria-invalid=\"false\" value=\"\" type=\"number\" name=\"kinderrechteplakate\" \/><\/span><br \/>\n<hr \/><br \/>\n<span class=\"buchtitel\"><img loading=\"lazy\" decoding=\"async\" class=\"buchbild\" src=\"https:\/\/amyna.de\/wp\/wp-content\/uploads\/vielfalt_praevention-209x300.jpg\" width=\"104\" height=\"150\" alt=\"Bild Buchumschlag Vielfalt Pr\u00e4vention\" \/>Vielfalt der Pr\u00e4vention entdecken \u2013 Schutz vor sexuellem Missbrauch in Kindertagesst\u00e4tten (2020)<\/span>\n<\/p>\n<p>Preis: <span class=\"buchpreis\">21,00 \u20ac zzgl. Versandkosten<\/span>\n<\/p>\n<p><label for=\"jubilaeum\" class=\"anzahl\">Anzahl:<\/label><span class=\"wpcf7-form-control-wrap\" data-name=\"jubilaeum\"><input class=\"wpcf7-form-control wpcf7-number wpcf7-validates-as-number cf7number\" id=\"jubilaeum\" min=\"0\" max=\"99\" aria-invalid=\"false\" value=\"\" type=\"number\" name=\"jubilaeum\" \/><\/span><br \/>\n<hr \/><br \/>\n<span class=\"buchtitel\"><img loading=\"lazy\" decoding=\"async\" class=\"buchbild\" src=\"https:\/\/amyna.de\/wp\/wp-content\/uploads\/cover_kinderschutz_zwischen_wald_wiese.png\" width=\"107\" height=\"150\" alt=\"Bild Buchumschlag Kinderschutz\" \/>Kinderschutz zwischen Wald und Wiese. Schutzkonzepte gegen sexuellen Missbrauch in Waldkinderg\u00e4rten (2019)<\/span>\n<\/p>\n<p>Preis: <span class=\"buchpreis\">7,00 \u20ac zzgl. Versandkosten<\/span>\n<\/p>\n<p><label for=\"waldkita\" class=\"anzahl\">Anzahl:<\/label><span class=\"wpcf7-form-control-wrap\" data-name=\"waldkita\"><input class=\"wpcf7-form-control wpcf7-number wpcf7-validates-as-number cf7number\" id=\"waldkita\" min=\"0\" max=\"99\" aria-invalid=\"false\" value=\"\" type=\"number\" name=\"waldkita\" \/><\/span><br \/>\n<hr \/><br \/>\n<span class=\"buchtitel\"><img loading=\"lazy\" decoding=\"async\" class=\"buchbild\" src=\"https:\/\/amyna.de\/wp\/wp-content\/uploads\/praevention-all-inclusive_2017_web2-206x300.jpg\" width=\"107\" height=\"150\" alt=\"Bild Buchumschlag all inclusive\" \/>Pr\u00e4vention all inclusive. Gedanken und Anregungen zur Gestaltung institutioneller Schutzkonzepte zur Pr\u00e4vention von sexuellem Missbrauch an M\u00e4dchen* und Jungen* mit und ohne Behinderung (2017)<\/span>\n<\/p>\n<p>Preis: <span class=\"buchpreis\">19,00 \u20ac zzgl. Versandkosten<\/span>\n<\/p>\n<p><label for=\"allinclusive\" class=\"anzahl\">Anzahl:<\/label><span class=\"wpcf7-form-control-wrap\" data-name=\"allinclusive\"><input class=\"wpcf7-form-control wpcf7-number wpcf7-validates-as-number cf7number\" id=\"allinclusive\" min=\"0\" max=\"99\" aria-invalid=\"false\" value=\"\" type=\"number\" name=\"allinclusive\" \/><\/span><br \/>\n<hr \/><br \/>\n<span class=\"buchtitel\"><img loading=\"lazy\" decoding=\"async\" class=\"buchbild\" src=\"https:\/\/amyna.de\/wp\/wp-content\/uploads\/buchcover_gar_nicht_so_schwer-207x300.jpg\" width=\"107\" height=\"150\" alt=\"Bild Buchumschlag Pr\u00e4vention Jugendarbeit\" \/>Gar nicht so schwer?! Aspekte der Pr\u00e4vention sexueller Gewalt in Themenfeldern der Jugendarbeit (2016)<\/span>\n<\/p>\n<p>Preis: <span class=\"buchpreis\">15,00 \u20ac zzgl. Versandkosten<\/span>\n<\/p>\n<p><label for=\"garnichtsoschwer\" class=\"anzahl\">Anzahl:<\/label><span class=\"wpcf7-form-control-wrap\" data-name=\"garnichtsoschwer\"><input class=\"wpcf7-form-control wpcf7-number wpcf7-validates-as-number cf7number\" id=\"garnichtsoschwer\" min=\"0\" max=\"99\" aria-invalid=\"false\" value=\"\" type=\"number\" name=\"garnichtsoschwer\" \/><\/span><br \/>\n<hr \/><br \/>\n<span class=\"buchtitel\"><img loading=\"lazy\" decoding=\"async\" class=\"buchbild\" src=\"https:\/\/amyna.de\/wp\/wp-content\/uploads\/Kinderrecht_1Karte_190315-1-80x80.jpg\" width=\"107\" height=\"107\" alt=\"Bild Postkarten\" \/>Rechte von Kindern achten! 10 Postkarten zu den wichtigsten Kinderrechten plus Infokarte (2015)<\/span>\n<\/p>\n<p>Preis: <span class=\"buchpreis\">8,00 \u20ac zzgl. Versandkosten<\/span>\n<\/p>\n<p><label for=\"kinderrechte\" class=\"anzahl\">Anzahl:<\/label><span class=\"wpcf7-form-control-wrap\" data-name=\"kinderrechte\"><input class=\"wpcf7-form-control wpcf7-number wpcf7-validates-as-number cf7number\" id=\"kinderrechte\" min=\"0\" max=\"99\" aria-invalid=\"false\" value=\"\" type=\"number\" name=\"kinderrechte\" \/><\/span><br \/>\n<hr \/><br \/>\n<span class=\"buchtitel\"><img loading=\"lazy\" decoding=\"async\" class=\"buchbild\" src=\"https:\/\/amyna.de\/wp\/wp-content\/uploads\/war_doch_nur_spass-80x80.jpg\" width=\"107\" height=\"107\" alt=\"Bild Buchumschlag Sexuelle \u00dcbergriffe\" \/>War doch nur Spa\u00df \u2026? Sexuelle \u00dcbergriffe durch Jugendliche verhindern (2014)<\/span>\n<\/p>\n<p>Preis: <span class=\"buchpreis\">15,00 \u20ac zzgl. Versandkosten<\/span>\n<\/p>\n<p><label for=\"uebergriffe\" class=\"anzahl\">Anzahl:<\/label><span class=\"wpcf7-form-control-wrap\" data-name=\"uebergriffe\"><input class=\"wpcf7-form-control wpcf7-number wpcf7-validates-as-number cf7number\" id=\"uebergriffe\" min=\"0\" max=\"99\" aria-invalid=\"false\" value=\"\" type=\"number\" name=\"uebergriffe\" \/><\/span><br \/>\n<hr \/><br \/>\n<span class=\"buchtitel\"><img loading=\"lazy\" decoding=\"async\" class=\"buchbild\" src=\"https:\/\/amyna.de\/wp\/wp-content\/uploads\/patenschaftshandbuch-225x300.jpg\" width=\"112\" height=\"150\" alt=\"Bild Buchumschlag Patenkinder\" \/>Verletzliche Patenkinder (2013)<\/span>\n<\/p>\n<p>Preis: <span class=\"buchpreis\">19,50 \u20ac zzgl. Versandkosten<\/span>\n<\/p>\n<p><label for=\"patenkinder\" class=\"anzahl\">Anzahl:<\/label><span class=\"wpcf7-form-control-wrap\" data-name=\"patenkinder\"><input class=\"wpcf7-form-control wpcf7-number wpcf7-validates-as-number cf7number\" id=\"patenkinder\" min=\"0\" max=\"99\" aria-invalid=\"false\" value=\"\" type=\"number\" name=\"patenkinder\" \/><\/span><br \/>\n<hr \/><br \/>\n<span class=\"buchtitel\"><img loading=\"lazy\" decoding=\"async\" class=\"buchbild\" src=\"https:\/\/amyna.de\/wp\/wp-content\/uploads\/gutgestiftet-225x300.jpg\" width=\"112\" height=\"150\" alt=\"Bild Buchumschlag Stiftung\" \/>Gut gestiftet - Geld f\u00fcr Pr\u00e4vention (2013)<\/span>\n<\/p>\n<p>Preis: <span class=\"buchpreis\">7,00 \u20ac zzgl. Versandkosten<\/span>\n<\/p>\n<p><label for=\"stiften\" class=\"anzahl\">Anzahl:<\/label><span class=\"wpcf7-form-control-wrap\" data-name=\"stiften\"><input class=\"wpcf7-form-control wpcf7-number wpcf7-validates-as-number cf7number\" id=\"stiften\" min=\"0\" max=\"99\" aria-invalid=\"false\" value=\"\" type=\"number\" name=\"stiften\" \/><\/span>\n<hr \/><br \/>\n<span class=\"buchtitel\"><img loading=\"lazy\" decoding=\"async\" class=\"buchbild\" src=\"https:\/\/amyna.de\/wp\/wp-content\/uploads\/pelin_paul-300x212.jpg\" width=\"106\" height=\"150\" alt=\"Bild Buchumschlag Kinderbuch\" \/>Pelin und Paul (2011)<\/span>\n<\/p>\n<p>Preis: <span class=\"buchpreis\">\u20ac 7,50 zzgl. Versandkosten<\/span>\n<\/p>\n<p><label for=\"pelinpaul\" class=\"anzahl\">Anzahl:<\/label><span class=\"wpcf7-form-control-wrap\" data-name=\"pelinpaul\"><input class=\"wpcf7-form-control wpcf7-number wpcf7-validates-as-number cf7number\" id=\"pelinpaul\" min=\"0\" max=\"99\" aria-invalid=\"false\" value=\"\" type=\"number\" name=\"pelinpaul\" \/><\/span><br \/>\n<hr \/><br \/>\n<span class=\"buchtitel\"><img loading=\"lazy\" decoding=\"async\" class=\"buchbild\" src=\"https:\/\/amyna.de\/wp\/wp-content\/uploads\/Praevgehtallean_Cover_klein-80x80.jpg\" width=\"107\" height=\"107\" alt=\"Bild Buchumschlag Pr\u00e4vention\" \/>Pr\u00e4vention geht alle an! (2010)<\/span>\n<\/p>\n<p>Preis: <span class=\"buchpreis\">\u20ac 14,00 zzgl. Versandkosten<\/span>\n<\/p>\n<p><label for=\"praevalle\" class=\"anzahl\">Anzahl:<\/label><span class=\"wpcf7-form-control-wrap\" data-name=\"praevalle\"><input class=\"wpcf7-form-control wpcf7-number wpcf7-validates-as-number cf7number\" id=\"praevalle\" min=\"0\" max=\"99\" aria-invalid=\"false\" value=\"\" type=\"number\" name=\"praevalle\" \/><\/span><br \/>\n<hr \/><br \/>\n<span class=\"buchtitel\"><img loading=\"lazy\" decoding=\"async\" class=\"buchbild\" src=\"https:\/\/amyna.de\/wp\/wp-content\/uploads\/buch-sexgewaltverhindern-80x80.jpg\" width=\"107\" height=\"107\" alt=\"Bild Buchumschlag Sexuelle Gewalt\" \/>Sexuelle Gewalt verhindern - Selbstbestimmung erm\u00f6glichen (2008 2. Auflage)<\/span>\n<\/p>\n<p>Preis: <span class=\"buchpreis\">\u20ac 9,50 zzgl. Versandkosten<\/span>\n<\/p>\n<p><label for=\"selbstbestimmung\" class=\"anzahl\">Anzahl:<\/label><span class=\"wpcf7-form-control-wrap\" data-name=\"selbstbestimmung\"><input class=\"wpcf7-form-control wpcf7-number wpcf7-validates-as-number cf7number\" id=\"selbstbestimmung\" min=\"0\" max=\"99\" aria-invalid=\"false\" value=\"\" type=\"number\" name=\"selbstbestimmung\" \/><\/span><br \/>\n<hr \/><br \/>\n<span class=\"buchtitel\"><img loading=\"lazy\" decoding=\"async\" class=\"buchbild\" src=\"https:\/\/amyna.de\/wp\/wp-content\/uploads\/rausausdernische-80x80.jpg\" width=\"107\" height=\"107\" alt=\"Bild Buchumschlag Nische\" \/>Raus aus der Nische! (2003)<\/span>\n<\/p>\n<p>Preis: <span class=\"buchpreis\">\u20ac 11,00 zzgl. Versandkosten<\/span>\n<\/p>\n<p><label for=\"nische\" class=\"anzahl\">Anzahl:<\/label><span class=\"wpcf7-form-control-wrap\" data-name=\"nische\"><input class=\"wpcf7-form-control wpcf7-number wpcf7-validates-as-number cf7number\" id=\"nische\" min=\"0\" max=\"99\" aria-invalid=\"false\" value=\"\" type=\"number\" name=\"nische\" \/><\/span><br \/>\n<hr \/><br \/>\n<span class=\"buchtitel\"><img loading=\"lazy\" decoding=\"async\" class=\"buchbild\" src=\"https:\/\/amyna.de\/wp\/wp-content\/uploads\/expertise-80x80.jpg\" width=\"107\" height=\"107\" alt=\"Bild Buchumschlag Evaluation\" \/>Evaluation der Wirksamkeit pr\u00e4ventiver Arbeit gegen sexuellen Missbrauch an M\u00e4dchen und Jungen (2003)<\/span>\n<\/p>\n<p>Preis: <span class=\"buchpreis\">\u20ac 7,50 zzgl. Versandkosten<\/span>\n<\/p>\n<p><label for=\"evaluation\" class=\"anzahl\">Anzahl:<\/label><span class=\"wpcf7-form-control-wrap\" data-name=\"evaluation\"><input class=\"wpcf7-form-control wpcf7-number wpcf7-validates-as-number cf7number\" id=\"evaluation\" min=\"0\" max=\"99\" aria-invalid=\"false\" value=\"\" type=\"number\" name=\"evaluation\" \/><\/span><br \/>\n<hr \/><br \/>\n<span class=\"buchtitel\"><img loading=\"lazy\" decoding=\"async\" class=\"buchbild\" src=\"https:\/\/amyna.de\/wp\/wp-content\/uploads\/inter_praev-80x80.jpg\" width=\"107\" height=\"151\" alt=\"Bild Buchumschlag Interkulturelle Pr\u00e4vention\" \/>Interkulturelle Pr\u00e4vention von sexuellem Missbrauch (2002)<\/span>\n<\/p>\n<p>Preis: <span class=\"buchpreis\">Nur Versandkosten<\/span>\n<\/p>\n<p><label for=\"interkult\" class=\"anzahl\">Anzahl:<\/label><span class=\"wpcf7-form-control-wrap\" data-name=\"interkult\"><input class=\"wpcf7-form-control wpcf7-number wpcf7-validates-as-number cf7number\" id=\"interkult\" min=\"0\" max=\"99\" aria-invalid=\"false\" value=\"\" type=\"number\" name=\"interkult\" \/><\/span>\n<\/p>\n<hr \/>\n<h2>Rechnungs- und Lieferanschrift\n<\/h2>\n<p>Mit * markierte Felder sind Pflichtfelder.\n<\/p>\n<p><label for=\"anrede\">Anrede<\/label><span class=\"wpcf7-form-control-wrap\" data-name=\"anrede\"><select class=\"wpcf7-form-control wpcf7-select anrede\" id=\"anrede\" aria-invalid=\"false\" name=\"anrede\"><option value=\"\">&#8211; Bitte ausw\u00e4hlen &#8211;<\/option><option value=\"Frau\">Frau<\/option><option value=\"Herr\">Herr<\/option><option value=\"Divers\">Divers<\/option><option value=\"Firma\/Einrichtung\">Firma\/Einrichtung<\/option><\/select><\/span>\n<\/p>\n<p><label for=\"titel\">Titel<\/label><br \/>\n<span class=\"wpcf7-form-control-wrap\" data-name=\"titel\"><input size=\"40\" maxlength=\"400\" class=\"wpcf7-form-control wpcf7-text\" id=\"titel\" aria-invalid=\"false\" value=\"\" type=\"text\" name=\"titel\" \/><\/span>\n<\/p>\n<p><label for=\"vorname\">Vorname *<\/label><br \/>\n<span class=\"wpcf7-form-control-wrap\" data-name=\"vorname\"><input size=\"40\" maxlength=\"400\" class=\"wpcf7-form-control wpcf7-text wpcf7-validates-as-required\" id=\"vorname\" autocomplete=\"given-name\" aria-required=\"true\" aria-invalid=\"false\" value=\"\" type=\"text\" name=\"vorname\" \/><\/span>\n<\/p>\n<p><label for=\"nachname\">Nachname *<\/label><br \/>\n<span class=\"wpcf7-form-control-wrap\" data-name=\"nachname\"><input size=\"40\" maxlength=\"400\" class=\"wpcf7-form-control wpcf7-text wpcf7-validates-as-required\" id=\"nachname\" autocomplete=\"family-name\" aria-required=\"true\" aria-invalid=\"false\" value=\"\" type=\"text\" name=\"nachname\" \/><\/span>\n<\/p>\n<p><label for=\"firma\">Firma\/Einrichtung<\/label><br \/>\n<span class=\"wpcf7-form-control-wrap\" data-name=\"firma\"><input size=\"40\" maxlength=\"400\" class=\"wpcf7-form-control wpcf7-text\" id=\"firma\" autocomplete=\"organization\" aria-invalid=\"false\" value=\"\" type=\"text\" name=\"firma\" \/><\/span>\n<\/p>\n<p><label for=\"strasse\">Stra\u00dfe Hausnr. *<\/label><br \/>\n<span class=\"wpcf7-form-control-wrap\" data-name=\"strasse\"><input size=\"40\" maxlength=\"400\" class=\"wpcf7-form-control wpcf7-text wpcf7-validates-as-required\" id=\"strasse\" autocomplete=\"street-address\" aria-required=\"true\" aria-invalid=\"false\" value=\"\" type=\"text\" name=\"strasse\" \/><\/span>\n<\/p>\n<p><label for=\"plz\">PLZ *<\/label><br \/>\n<span class=\"wpcf7-form-control-wrap\" data-name=\"plz\"><input size=\"40\" maxlength=\"400\" class=\"wpcf7-form-control wpcf7-text wpcf7-validates-as-required\" id=\"plz\" autocomplete=\"postal-code\" aria-required=\"true\" aria-invalid=\"false\" value=\"\" type=\"text\" name=\"plz\" \/><\/span>\n<\/p>\n<p><label for=\"ort\">Ort *<\/label><br \/>\n<span class=\"wpcf7-form-control-wrap\" data-name=\"ort\"><input size=\"40\" maxlength=\"400\" class=\"wpcf7-form-control wpcf7-text wpcf7-validates-as-required\" id=\"ort\" autocomplete=\"address-level2\" aria-required=\"true\" aria-invalid=\"false\" value=\"\" type=\"text\" name=\"ort\" \/><\/span>\n<\/p>\n<p><label for=\"telefon\">Telefon<\/label><br \/>\n<span class=\"wpcf7-form-control-wrap\" data-name=\"telefon\"><input size=\"40\" maxlength=\"400\" class=\"wpcf7-form-control wpcf7-text\" id=\"telefon\" autocomplete=\"tel\" aria-invalid=\"false\" value=\"\" type=\"text\" name=\"telefon\" \/><\/span>\n<\/p>\n<p><label for=\"email\">E-Mail *<\/label><br \/>\n<span class=\"wpcf7-form-control-wrap\" data-name=\"email\"><input size=\"40\" maxlength=\"400\" class=\"wpcf7-form-control wpcf7-email wpcf7-validates-as-required wpcf7-text wpcf7-validates-as-email\" id=\"email\" autocomplete=\"email\" aria-required=\"true\" aria-invalid=\"false\" value=\"\" type=\"email\" name=\"email\" \/><\/span>\n<\/p>\n<p><label for=\"remarks\">Ihre Anmerkungen<\/label><br \/>\n<span class=\"wpcf7-form-control-wrap\" data-name=\"remarks\"><textarea cols=\"40\" rows=\"10\" maxlength=\"2000\" class=\"wpcf7-form-control wpcf7-textarea\" id=\"remarks\" aria-invalid=\"false\" name=\"remarks\"><\/textarea><\/span>\n<\/p>\n<p><span class=\"wpcf7-form-control-wrap\" data-name=\"rechnung\"><span class=\"wpcf7-form-control wpcf7-acceptance\"><span class=\"wpcf7-list-item\"><label><input type=\"checkbox\" name=\"rechnung\" value=\"1\" aria-invalid=\"false\" \/><span class=\"wpcf7-list-item-label\">Ich habe Folgendes zur Kenntnis genommen: AMYNA e.V. verwendet die im Formular angegebene Rechnungsanschrift zur Erstellung der Rechnung. Ich habe die Rechnungsanschrift korrekt angegeben. AMYNA e.V. kann nicht gew\u00e4hrleisten, dass meine Angaben in einer bestimmten Reihenfolge auf der Rechnung erscheinen. Sollte eine erneute Rechnungstellung oder\/und eine erneute Zustellung der Rechnung notwendig werden, die AMYNA e.V. nicht zu vertreten hat, stellt AMYNA e.V. eine Bearbeitungsgeb\u00fchr von \u20ac 8,00 in Rechnung.<\/span><\/label><\/span><\/span><\/span>\n<\/p>\n<p><span class=\"wpcf7-form-control-wrap\" data-name=\"amynaag\"><span class=\"wpcf7-form-control wpcf7-acceptance\"><span class=\"wpcf7-list-item\"><label><input type=\"checkbox\" name=\"amynaag\" value=\"1\" aria-invalid=\"false\" \/><span class=\"wpcf7-list-item-label\">Die <a href=\"https:\/\/amyna.de\/wp\/buchenbestellen\/allgemeine-geschaeftsbedingungen\/\" target=\"_blank\" rel=\"noopener\">Allgemeinen Gesch\u00e4ftsbedingungen<\/a> habe ich zur Kenntnis genommen.<\/span><\/label><\/span><\/span><\/span>\n<\/p>\n<p><span class=\"wpcf7-form-control-wrap\" data-name=\"acceptance-660\"><span class=\"wpcf7-form-control wpcf7-acceptance\"><span class=\"wpcf7-list-item\"><label><input type=\"checkbox\" name=\"acceptance-660\" value=\"1\" aria-invalid=\"false\" \/><span class=\"wpcf7-list-item-label\">Ich habe zur Kenntnis genommen, dass meine personenbezogenen Daten wie in der <a href=\"https:\/\/amyna.de\/wp\/datenschutz\" target=\"_blank\" rel=\"noopener\">Datenschutzerkl\u00e4rung<\/a> beschrieben verarbeitet werden.<\/span><\/label><\/span><\/span><\/span>\n<\/p>\n<p><span class=\"wpcf7-form-control-wrap\" data-name=\"quiz-577\"><label><span class=\"wpcf7-quiz-label\">Spamschutz: Was ist gr\u00f6\u00dfer, 6 oder 9? (bitte Zahl eingeben)<\/span> <input size=\"40\" class=\"wpcf7-form-control wpcf7-quiz\" id=\"quiz-577\" autocomplete=\"off\" aria-required=\"true\" aria-invalid=\"false\" type=\"text\" name=\"quiz-577\" \/><\/label><input type=\"hidden\" name=\"_wpcf7_quiz_answer_quiz-577\" value=\"02087a7c9d0d419c8f524d06229b6d7b\" \/><\/span>\n<\/p>\n<p><strong>Wichtiger Hinweis zu unseren E-Mail-Adressen:<\/strong> Auf Grund unseres Themas, der Pr\u00e4vention von sexuellem Missbrauch, kann es sein, dass unsere E-Mail in Ihrem oder dem Spamordner Ihrer Organisation landet. Bitte setzen Sie unsere E-Mail-Adresse(n) auf die Liste der sicheren Absender*innen (Allowlist) Ihres E-Mail-Programms. Bitten Sie auch Ihren Systemadministrator\/Ihre Systemadministratorin unsere E-Mail-Adresse grunds\u00e4tzlich zu akzeptieren, damit Sie auch k\u00fcnftig zuverl\u00e4ssig unsere E-Mails erhalten.\n<\/p>\n<p>&nbsp;\n<\/p>\n<div class=\"wpcf7-response-output\" aria-hidden=\"true\"><\/div>\n<p><input class=\"wpcf7-form-control wpcf7-submit has-spinner\" type=\"submit\" value=\"Bestellen\" \/>\n<\/p>\n<\/form>\n<\/div>\n\n<p>&nbsp;<\/p>\n<p>&nbsp;<\/p>\n","protected":false},"excerpt":{"rendered":"<p>Sie erhalten eine Rechnung mit der Buchlieferung. Bestellungen aus dem Ausland sind nur gegen Vorauskasse m\u00f6glich. Bei Auslandsbestellungen k\u00f6nnen erh\u00f6hte Porto- und \u00dcberweisungsgeb\u00fchren anfallen. Bitte beachten Sie dies bei der \u00dcberweisung des Betrags. &nbsp; &nbsp;<\/p>\n","protected":false},"author":1,"featured_media":0,"parent":300,"menu_order":63,"comment_status":"closed","ping_status":"closed","template":"","meta":{"footnotes":""},"categories":[],"tags":[],"class_list":["post-12391","page","type-page","status-publish","hentry"],"yoast_head":"<!-- This site is optimized with the Yoast SEO plugin v27.4 - https:\/\/yoast.com\/product\/yoast-seo-wordpress\/ -->\n<title>B\u00fccher bestellen - AMYNA e.V.<\/title>\n<meta name=\"robots\" content=\"index, follow, max-snippet:-1, max-image-preview:large, max-video-preview:-1\" \/>\n<link rel=\"canonical\" href=\"https:\/\/amyna.de\/wp\/buchenbestellen\/bestellung-buecher\/\" \/>\n<meta property=\"og:locale\" content=\"de_DE\" \/>\n<meta property=\"og:type\" content=\"article\" \/>\n<meta property=\"og:title\" content=\"B\u00fccher bestellen - AMYNA e.V.\" \/>\n<meta property=\"og:description\" content=\"Sie erhalten eine Rechnung mit der Buchlieferung. Bestellungen aus dem Ausland sind nur gegen Vorauskasse m\u00f6glich. Bei Auslandsbestellungen k\u00f6nnen erh\u00f6hte Porto- und \u00dcberweisungsgeb\u00fchren anfallen. Bitte beachten Sie dies bei der \u00dcberweisung des Betrags. &nbsp; &nbsp;\" \/>\n<meta property=\"og:url\" content=\"https:\/\/amyna.de\/wp\/buchenbestellen\/bestellung-buecher\/\" \/>\n<meta property=\"og:site_name\" content=\"AMYNA e.V.\" \/>\n<meta name=\"twitter:card\" content=\"summary_large_image\" \/>\n<meta name=\"twitter:label1\" content=\"Gesch\u00e4tzte Lesezeit\" \/>\n\t<meta name=\"twitter:data1\" content=\"1\u00a0Minute\" \/>\n<script type=\"application\/ld+json\" class=\"yoast-schema-graph\">{\"@context\":\"https:\\\/\\\/schema.org\",\"@graph\":[{\"@type\":\"WebPage\",\"@id\":\"https:\\\/\\\/amyna.de\\\/wp\\\/buchenbestellen\\\/bestellung-buecher\\\/\",\"url\":\"https:\\\/\\\/amyna.de\\\/wp\\\/buchenbestellen\\\/bestellung-buecher\\\/\",\"name\":\"B\u00fccher bestellen - AMYNA e.V.\",\"isPartOf\":{\"@id\":\"https:\\\/\\\/amyna.de\\\/wp\\\/#website\"},\"datePublished\":\"2016-08-26T10:01:02+00:00\",\"breadcrumb\":{\"@id\":\"https:\\\/\\\/amyna.de\\\/wp\\\/buchenbestellen\\\/bestellung-buecher\\\/#breadcrumb\"},\"inLanguage\":\"de\",\"potentialAction\":[{\"@type\":\"ReadAction\",\"target\":[\"https:\\\/\\\/amyna.de\\\/wp\\\/buchenbestellen\\\/bestellung-buecher\\\/\"]}]},{\"@type\":\"BreadcrumbList\",\"@id\":\"https:\\\/\\\/amyna.de\\\/wp\\\/buchenbestellen\\\/bestellung-buecher\\\/#breadcrumb\",\"itemListElement\":[{\"@type\":\"ListItem\",\"position\":1,\"name\":\"Startseite\",\"item\":\"https:\\\/\\\/amyna.de\\\/wp\\\/\"},{\"@type\":\"ListItem\",\"position\":2,\"name\":\"B\u00fccher bestellen\"}]},{\"@type\":\"WebSite\",\"@id\":\"https:\\\/\\\/amyna.de\\\/wp\\\/#website\",\"url\":\"https:\\\/\\\/amyna.de\\\/wp\\\/\",\"name\":\"AMYNA e.V.\",\"description\":\"Verein zur Abschaffung von sexuellem Missbrauch und sexueller Gewalt\",\"potentialAction\":[{\"@type\":\"SearchAction\",\"target\":{\"@type\":\"EntryPoint\",\"urlTemplate\":\"https:\\\/\\\/amyna.de\\\/wp\\\/?s={search_term_string}\"},\"query-input\":{\"@type\":\"PropertyValueSpecification\",\"valueRequired\":true,\"valueName\":\"search_term_string\"}}],\"inLanguage\":\"de\"}]}<\/script>\n<!-- \/ Yoast SEO plugin. -->","yoast_head_json":{"title":"B\u00fccher bestellen - AMYNA e.V.","robots":{"index":"index","follow":"follow","max-snippet":"max-snippet:-1","max-image-preview":"max-image-preview:large","max-video-preview":"max-video-preview:-1"},"canonical":"https:\/\/amyna.de\/wp\/buchenbestellen\/bestellung-buecher\/","og_locale":"de_DE","og_type":"article","og_title":"B\u00fccher bestellen - AMYNA e.V.","og_description":"Sie erhalten eine Rechnung mit der Buchlieferung. Bestellungen aus dem Ausland sind nur gegen Vorauskasse m\u00f6glich. Bei Auslandsbestellungen k\u00f6nnen erh\u00f6hte Porto- und \u00dcberweisungsgeb\u00fchren anfallen. Bitte beachten Sie dies bei der \u00dcberweisung des Betrags. &nbsp; &nbsp;","og_url":"https:\/\/amyna.de\/wp\/buchenbestellen\/bestellung-buecher\/","og_site_name":"AMYNA e.V.","twitter_card":"summary_large_image","twitter_misc":{"Gesch\u00e4tzte Lesezeit":"1\u00a0Minute"},"schema":{"@context":"https:\/\/schema.org","@graph":[{"@type":"WebPage","@id":"https:\/\/amyna.de\/wp\/buchenbestellen\/bestellung-buecher\/","url":"https:\/\/amyna.de\/wp\/buchenbestellen\/bestellung-buecher\/","name":"B\u00fccher bestellen - AMYNA e.V.","isPartOf":{"@id":"https:\/\/amyna.de\/wp\/#website"},"datePublished":"2016-08-26T10:01:02+00:00","breadcrumb":{"@id":"https:\/\/amyna.de\/wp\/buchenbestellen\/bestellung-buecher\/#breadcrumb"},"inLanguage":"de","potentialAction":[{"@type":"ReadAction","target":["https:\/\/amyna.de\/wp\/buchenbestellen\/bestellung-buecher\/"]}]},{"@type":"BreadcrumbList","@id":"https:\/\/amyna.de\/wp\/buchenbestellen\/bestellung-buecher\/#breadcrumb","itemListElement":[{"@type":"ListItem","position":1,"name":"Startseite","item":"https:\/\/amyna.de\/wp\/"},{"@type":"ListItem","position":2,"name":"B\u00fccher bestellen"}]},{"@type":"WebSite","@id":"https:\/\/amyna.de\/wp\/#website","url":"https:\/\/amyna.de\/wp\/","name":"AMYNA e.V.","description":"Verein zur Abschaffung von sexuellem Missbrauch und sexueller Gewalt","potentialAction":[{"@type":"SearchAction","target":{"@type":"EntryPoint","urlTemplate":"https:\/\/amyna.de\/wp\/?s={search_term_string}"},"query-input":{"@type":"PropertyValueSpecification","valueRequired":true,"valueName":"search_term_string"}}],"inLanguage":"de"}]}},"_links":{"self":[{"href":"https:\/\/amyna.de\/wp\/wp-json\/wp\/v2\/pages\/12391","targetHints":{"allow":["GET"]}}],"collection":[{"href":"https:\/\/amyna.de\/wp\/wp-json\/wp\/v2\/pages"}],"about":[{"href":"https:\/\/amyna.de\/wp\/wp-json\/wp\/v2\/types\/page"}],"author":[{"embeddable":true,"href":"https:\/\/amyna.de\/wp\/wp-json\/wp\/v2\/users\/1"}],"replies":[{"embeddable":true,"href":"https:\/\/amyna.de\/wp\/wp-json\/wp\/v2\/comments?post=12391"}],"version-history":[{"count":0,"href":"https:\/\/amyna.de\/wp\/wp-json\/wp\/v2\/pages\/12391\/revisions"}],"up":[{"embeddable":true,"href":"https:\/\/amyna.de\/wp\/wp-json\/wp\/v2\/pages\/300"}],"wp:attachment":[{"href":"https:\/\/amyna.de\/wp\/wp-json\/wp\/v2\/media?parent=12391"}],"wp:term":[{"taxonomy":"category","embeddable":true,"href":"https:\/\/amyna.de\/wp\/wp-json\/wp\/v2\/categories?post=12391"},{"taxonomy":"post_tag","embeddable":true,"href":"https:\/\/amyna.de\/wp\/wp-json\/wp\/v2\/tags?post=12391"}],"curies":[{"name":"wp","href":"https:\/\/api.w.org\/{rel}","templated":true}]}}