{"version":"1.0","provider_name":"AMYNA e.V.","provider_url":"https:\/\/amyna.de\/wp","title":"M\u00e4rtyrerin trifft Kindersch\u00e4nder (1999) - AMYNA e.V.","type":"rich","width":600,"height":338,"html":"<blockquote class=\"wp-embedded-content\" data-secret=\"IyuXo34R7l\"><a href=\"https:\/\/amyna.de\/wp\/maertyrerin-trifft-kinderschaender\/\">M\u00e4rtyrerin trifft Kindersch\u00e4nder (1999)<\/a><\/blockquote><iframe sandbox=\"allow-scripts\" security=\"restricted\" src=\"https:\/\/amyna.de\/wp\/maertyrerin-trifft-kinderschaender\/embed\/#?secret=IyuXo34R7l\" width=\"600\" height=\"338\" title=\"&#8222;M\u00e4rtyrerin trifft Kindersch\u00e4nder (1999)&#8220; &#8211; AMYNA e.V.\" data-secret=\"IyuXo34R7l\" frameborder=\"0\" marginwidth=\"0\" marginheight=\"0\" scrolling=\"no\" class=\"wp-embedded-content\"><\/iframe><script type=\"text\/javascript\">\n\/* <![CDATA[ *\/\n\/*! This file is auto-generated *\/\n!function(d,l){\"use strict\";l.querySelector&&d.addEventListener&&\"undefined\"!=typeof URL&&(d.wp=d.wp||{},d.wp.receiveEmbedMessage||(d.wp.receiveEmbedMessage=function(e){var t=e.data;if((t||t.secret||t.message||t.value)&&!\/[^a-zA-Z0-9]\/.test(t.secret)){for(var s,r,n,a=l.querySelectorAll('iframe[data-secret=\"'+t.secret+'\"]'),o=l.querySelectorAll('blockquote[data-secret=\"'+t.secret+'\"]'),c=new RegExp(\"^https?:$\",\"i\"),i=0;i<o.length;i++)o[i].style.display=\"none\";for(i=0;i<a.length;i++)s=a[i],e.source===s.contentWindow&&(s.removeAttribute(\"style\"),\"height\"===t.message?(1e3<(r=parseInt(t.value,10))?r=1e3:~~r<200&&(r=200),s.height=r):\"link\"===t.message&&(r=new URL(s.getAttribute(\"src\")),n=new URL(t.value),c.test(n.protocol))&&n.host===r.host&&l.activeElement===s&&(d.top.location.href=t.value))}},d.addEventListener(\"message\",d.wp.receiveEmbedMessage,!1),l.addEventListener(\"DOMContentLoaded\",function(){for(var e,t,s=l.querySelectorAll(\"iframe.wp-embedded-content\"),r=0;r<s.length;r++)(t=(e=s[r]).getAttribute(\"data-secret\"))||(t=Math.random().toString(36).substring(2,12),e.src+=\"#?secret=\"+t,e.setAttribute(\"data-secret\",t)),e.contentWindow.postMessage({message:\"ready\",secret:t},\"*\")},!1)))}(window,document);\n\/\/# sourceURL=https:\/\/amyna.de\/wp\/wp-includes\/js\/wp-embed.min.js\n\/* ]]> *\/\n<\/script>\n","thumbnail_url":"https:\/\/amyna.de\/wp\/wp-content\/uploads\/maert.jpg","thumbnail_width":115,"thumbnail_height":163,"description":"Wie berichtet die Presse \u00fcber sexuelle Gewalt gegen M\u00e4dchen? Das Thema sexuelle Gewalt hat seit den spektakul\u00e4r aufbereiteten Mordf\u00e4llen der letzten Jahre Medienkarriere gemacht. Ist damit ein Tabu gebrochen? Wird der Weg frei gemacht f\u00fcr l\u00e4ngst \u00fcberf\u00e4llige gesellschaftliche Ver\u00e4nderungen? Wichtig ist nicht nur, dass \u00fcber sexualisierte Gewalt berichtet wird, sondern vielmehr wie. Und dabei offenbart [&hellip;]"}