{"version":"1.0","provider_name":"AMYNA e.V.","provider_url":"https:\/\/amyna.de\/wp","title":"2014 integrative Montessori Schule Balanstra\u00dfe - AMYNA e.V.","type":"rich","width":600,"height":338,"html":"<blockquote class=\"wp-embedded-content\" data-secret=\"3H6K9VWXYn\"><a href=\"https:\/\/amyna.de\/wp\/2014-integrative-montessori-schule-balanstrasse\/\">2014 integrative Montessori Schule Balanstra\u00dfe<\/a><\/blockquote><iframe sandbox=\"allow-scripts\" security=\"restricted\" src=\"https:\/\/amyna.de\/wp\/2014-integrative-montessori-schule-balanstrasse\/embed\/#?secret=3H6K9VWXYn\" width=\"600\" height=\"338\" title=\"&#8222;2014 integrative Montessori Schule Balanstra\u00dfe&#8220; &#8211; AMYNA e.V.\" data-secret=\"3H6K9VWXYn\" frameborder=\"0\" marginwidth=\"0\" marginheight=\"0\" scrolling=\"no\" class=\"wp-embedded-content\"><\/iframe><script type=\"text\/javascript\">\n\/* <![CDATA[ *\/\n\/*! This file is auto-generated *\/\n!function(d,l){\"use strict\";l.querySelector&&d.addEventListener&&\"undefined\"!=typeof URL&&(d.wp=d.wp||{},d.wp.receiveEmbedMessage||(d.wp.receiveEmbedMessage=function(e){var t=e.data;if((t||t.secret||t.message||t.value)&&!\/[^a-zA-Z0-9]\/.test(t.secret)){for(var s,r,n,a=l.querySelectorAll('iframe[data-secret=\"'+t.secret+'\"]'),o=l.querySelectorAll('blockquote[data-secret=\"'+t.secret+'\"]'),c=new RegExp(\"^https?:$\",\"i\"),i=0;i<o.length;i++)o[i].style.display=\"none\";for(i=0;i<a.length;i++)s=a[i],e.source===s.contentWindow&&(s.removeAttribute(\"style\"),\"height\"===t.message?(1e3<(r=parseInt(t.value,10))?r=1e3:~~r<200&&(r=200),s.height=r):\"link\"===t.message&&(r=new URL(s.getAttribute(\"src\")),n=new URL(t.value),c.test(n.protocol))&&n.host===r.host&&l.activeElement===s&&(d.top.location.href=t.value))}},d.addEventListener(\"message\",d.wp.receiveEmbedMessage,!1),l.addEventListener(\"DOMContentLoaded\",function(){for(var e,t,s=l.querySelectorAll(\"iframe.wp-embedded-content\"),r=0;r<s.length;r++)(t=(e=s[r]).getAttribute(\"data-secret\"))||(t=Math.random().toString(36).substring(2,12),e.src+=\"#?secret=\"+t,e.setAttribute(\"data-secret\",t)),e.contentWindow.postMessage({message:\"ready\",secret:t},\"*\")},!1)))}(window,document);\n\/\/# sourceURL=https:\/\/amyna.de\/wp\/wp-includes\/js\/wp-embed.min.js\n\/* ]]> *\/\n<\/script>\n","thumbnail_url":"https:\/\/amyna.de\/wp\/wp-content\/uploads\/Praeventionspreis-1-1030x686.jpg","thumbnail_width":1030,"thumbnail_height":686,"description":"2014 wurde erstmals eine Schule, n\u00e4mlich die integrative Montessori Schule an der Balanstra\u00dfe mit dem\u00a0 AMYNA-Pr\u00e4ventionspreis ausgezeichnet. Der Monte Balan Bildungstr\u00e4ger gGmbh wurde f\u00fcr sein umfassendes und durchdachtes Pr\u00e4ventionskonzpet ausgezeichnet, das neben der Schule, auch den Hort und die Werkstatt der Generationen umfasst. Das Schutzkonzept beinhaltet neben einem Krisenleitfaden f\u00fcr das Vorgehen bei Verdacht auf [&hellip;]"}